{"id":252,"date":"2024-08-06T16:10:17","date_gmt":"2024-08-06T16:10:17","guid":{"rendered":"https:\/\/cdci.w3.uvm.edu\/blog\/?page_id=252"},"modified":"2025-04-17T13:43:23","modified_gmt":"2025-04-17T17:43:23","slug":"image-credits","status":"publish","type":"page","link":"https:\/\/cdci.w3.uvm.edu\/blog\/about\/image-credits\/","title":{"rendered":"Image Credits"},"content":{"rendered":"\n<p>All images appearing on the CDCI website do so with the express permission of their owners via Creative Commons licensing, or they exist in the public domain. If you believe we are using your image without your consent, <a href=\"https:\/\/legacy.drup2.uvm.edu\/cess\/cdci\/contact-cdci\">please contact us.<\/a><\/p>\n\n\n\n<p><strong>We remove images immediately upon request of the verified copyright holders, and assume no liability.<\/strong><\/p>\n\n\n\n<h2 class=\"wp-block-heading\">UVM Center on Disability &amp; Community Inclusion<\/h2>\n\n\n\n<h3 class=\"wp-block-heading\">GENERAL<\/h3>\n\n\n\n<ul class=\"wp-block-list\">\n<li>\u201cPerson Holding Canon Dslr Camera Close-up Photo\u201d&nbsp;by Terje Sollie at Pexels (CC BY 4.0)<\/li>\n\n\n\n<li>\u201cPerson Walking His Dog\u201d&nbsp;by Mart Production at Pexels (CC BY 4.0)<\/li>\n\n\n\n<li>\u201cTwo Women Having Their Hands\u201d&nbsp;by Ekaterina Bolovtsova at Pexels (CC BY 4.0)<\/li>\n<\/ul>\n\n\n\n<h3 class=\"wp-block-heading\">ACCESSIBILITY GUIDE<\/h3>\n\n\n\n<ul class=\"wp-block-list\">\n<li>\u201cWoman in Pink Sweater Using Laptop\u201d&nbsp;by Andrea Piaquadio at Pexels (CC BY 4.0)<\/li>\n\n\n\n<li><\/li>\n<\/ul>\n\n\n\n<h3 class=\"wp-block-heading\">DISABILITY STUDIES<\/h3>\n\n\n\n<ul class=\"wp-block-list\">\n<li><a href=\"https:\/\/www.pexels.com\/photo\/woman-having-coffee-and-rice-bowl-4058316\/\">\u201cWoman Having Coffee and Rice Bowl\u201d<\/a>&nbsp;by Cliff Booth at Pexels (CC BY 4.0)<\/li>\n\n\n\n<li><a href=\"https:\/\/www.pexels.com\/photo\/woman-on-black-folding-wheelchair-2026764\/\">\u201cWoman on Black Folding Wheelchair\u201d<\/a>&nbsp;by&nbsp;Judita Tamo\u0161i\u016bnait\u0117 at Pexels (CC BY 4.0)<\/li>\n\n\n\n<li><a href=\"https:\/\/www.pexels.com\/photo\/man-with-disability-doing-wall-climbing-4046115\/\">\u201cMan with a Disability Doing Wall Climbing\u201d<\/a>&nbsp;by ShotPot at Pexels (CC BY 4.0)<\/li>\n\n\n\n<li><a href=\"https:\/\/www.pexels.com\/photo\/portrait-of-smiling-woman-3732869\/\">\u201cPortrait of a Smiling Woman\u201d<\/a>&nbsp;by Anna Shvets at Pexels (CC BY 4.0)<\/li>\n\n\n\n<li><a href=\"https:\/\/www.pexels.com\/photo\/man-person-woman-coffee-6980973\/\">\u201cMan Person Woman Coffee\u201d<\/a>&nbsp;by Mikhail Nilov (CC BY 4.0)<\/li>\n\n\n\n<li><a href=\"https:\/\/www.pexels.com\/photo\/a-girl-sitting-on-a-bench-7403409\/\">\u201cA Girl Sitting on a Bench\u201d<\/a>&nbsp;by Rodnae Productions at Pexels (CC BY 4.0)<\/li>\n\n\n\n<li><a href=\"https:\/\/www.pexels.com\/photo\/a-father-carrying-his-daughter-6249932\/\">\u201cA Father Carrying His Daughter\u201d<\/a>&nbsp;by Kampus Production at Pexels (CC BY 4.0)<\/li>\n\n\n\n<li><a href=\"https:\/\/www.pexels.com\/es-es\/foto\/amor-mujer-nina-cama-7944372\/\">\u201cAmor Mujer Nina Cama\u201d<\/a>&nbsp;by Nicola Barts (CC BY 4.0)<\/li>\n\n\n\n<li><a href=\"https:\/\/www.pexels.com\/photo\/photo-of-a-man-in-a-gray-shirt-near-a-basketball-hoop-6249681\/\">\u201cPhoto of a Man in a Gray Shirt Near a Basketball Hoop\u201d<\/a>&nbsp;by Kampus Production at Pexels (CC BY 4.0)<\/li>\n\n\n\n<li>Additonal photos by Ketut Subianto at Pexels (CC BY 4.0)<\/li>\n<\/ul>\n\n\n\n<h3 class=\"wp-block-heading\">RESEARCH<\/h3>\n\n\n\n<ul class=\"wp-block-list\">\n<li><a href=\"https:\/\/www.pexels.com\/photo\/man-holiday-people-woman-6158679\/\">\u201cMan in Gray Shirt Holding Up His Cellphone\u201d<\/a>&nbsp;by cottonbro at Pexels (CC BY 4.0)<\/li>\n\n\n\n<li>\u201cDisability is an Equity Issue At This Table\u201d by Audrey Homan (CC BY 4.0)<\/li>\n<\/ul>\n\n\n\n<h2 class=\"wp-block-heading\">Children\u2019s Integrated Services (CIS)<\/h2>\n\n\n\n<h3 class=\"wp-block-heading\">WEBSITE<\/h3>\n\n\n\n<ul class=\"wp-block-list\">\n<li><a href=\"https:\/\/www.pexels.com\/photo\/photo-of-man-carrying-newborn-baby-3617853\/\">Photo of Man Carrying Newborn Baby<\/a>, by Laura Garcia at Pexels (CC BY 4.0)<\/li>\n\n\n\n<li><a href=\"https:\/\/www.pexels.com\/photo\/child-touching-his-mother-lamb-160624\/\">Child Touching His Mother Lamb<\/a>, by Pixabay at Pexels (CC BY 4.0)<\/li>\n\n\n\n<li><a href=\"https:\/\/www.pexels.com\/photo\/people-summer-girl-cute-8909468\/\">Child in White Shirt Riding on Red Bicycle<\/a>, by Karolina Grabowska at Pexels (CC BY 4.0)<\/li>\n<\/ul>\n\n\n\n<h2 class=\"wp-block-heading\">CARES Team<\/h2>\n\n\n\n<h3 class=\"wp-block-heading\">WEBSITE<\/h3>\n\n\n\n<ul class=\"wp-block-list\">\n<li><a href=\"https:\/\/www.pexels.com\/photo\/question-mark-on-chalk-board-356079\/\">Question Mark on Chalk Board<\/a>&nbsp;\u2013 Pixabay. (CC BY 3.0)<\/li>\n\n\n\n<li>With the exception of staff headshots, all other images under commercial license.<\/li>\n<\/ul>\n\n\n\n<h2 class=\"wp-block-heading\">EVOLVE PLUS<\/h2>\n\n\n\n<h3 class=\"wp-block-heading\">WEBSITE<\/h3>\n\n\n\n<ul class=\"wp-block-list\">\n<li>Teacher leading pre-K students in wall art photo by Yan Krukov at Pexels (CC BY 4.0)<\/li>\n\n\n\n<li>All cartoons are from the collection&nbsp;<a href=\"https:\/\/cdi.uvm.edu\/collection\/giangrecocartoons\">\u201cAbsurdities and Realities of Special Education\u201d<\/a>&nbsp;by Michael F. Giangreco and Kevin Ruelle. Licensed via&nbsp;<a href=\"https:\/\/cdi.uvm.edu\/giangreco\/permissions\">In Copyright \u2013 Non-Commercial<\/a>.<\/li>\n<\/ul>\n\n\n\n<h2 class=\"wp-block-heading\">Pediatric Professionals Collaborative of Vermont (PEDSPROVT)<\/h2>\n\n\n\n<h3 class=\"wp-block-heading\">WEBSITE<\/h3>\n\n\n\n<p>Front page banner:<\/p>\n\n\n\n<ul class=\"wp-block-list\">\n<li><a href=\"https:\/\/www.pexels.com\/photo\/a-physician-examining-her-patient-8460047\/\">\u201cA physician examining her patient\u201d<\/a>&nbsp;by Los Muertos Crew at Pexels (CC BY 4.0)<\/li>\n\n\n\n<li><a href=\"https:\/\/www.pexels.com\/photo\/woman-in-white-lab-coat-listening-to-a-girl-and-writing-down-notes-5998448\/\">\u201cWoman in white lab coat listening to a girl and writing down notes\u201d<\/a>&nbsp;by Pavel Danilyuk at Pexels (CC BY 4.0)<\/li>\n\n\n\n<li><a href=\"https:\/\/www.pexels.com\/photo\/three-person-looking-at-x-ray-result-1170979\/\">\u201cThree person looking at x-ray result\u201d<\/a>&nbsp;by EVG Kowalievska at Pexels (CC BY 4.0)<\/li>\n<\/ul>\n\n\n\n<h2 class=\"wp-block-heading\">Project AWARE<\/h2>\n\n\n\n<h3 class=\"wp-block-heading\">WEBSITE<\/h3>\n\n\n\n<ul class=\"wp-block-list\">\n<li><a href=\"https:\/\/thenounproject.com\/icon\/mental-health-66159\/\">\u201cMental health\u201d icon<\/a>&nbsp;in logo by Gemma Evans, via NounProject.com<\/li>\n\n\n\n<li><a href=\"https:\/\/www.pexels.com\/photo\/person-in-white-shirt-with-brown-wooden-frame-4769486\/\">\u201cPerson in white shirt with brown frame\u201d<\/a>&nbsp;by pexels.com user cottonbro (CC BY 4.0)<\/li>\n\n\n\n<li><a href=\"https:\/\/www.pexels.com\/photo\/family-of-four-walking-at-the-street-2253879\/\">\u201cFamily of four walking at the street\u201d<\/a>&nbsp;by pexels.com user Emma Bauso (CC BY 4.0)<\/li>\n\n\n\n<li><a href=\"https:\/\/www.pexels.com\/photo\/crop-psychologist-taking-notes-during-appointment-7176026\/\">\u201cCrop psychologist taking notes during an appointment\u201d<\/a>&nbsp;by pexels.com user Shvets Production (CC BY 4.0)<\/li>\n<\/ul>\n\n\n\n<h2 class=\"wp-block-heading\">RISE-VT<\/h2>\n\n\n\n<h3 class=\"wp-block-heading\">WEBSITE<\/h3>\n\n\n\n<ul class=\"wp-block-list\">\n<li><a href=\"https:\/\/tiie.w3.uvm.edu\/blog\/student-directed-learning\/#.Ys2Dgi-B3T8\">Banner photo, left,<\/a>&nbsp;by Rachel Mark for the UVM Tarrant Institute. (CC BY SA NC 4.0)<\/li>\n\n\n\n<li><a href=\"https:\/\/tiie.w3.uvm.edu\/blog\/centering-connection-and-wellness-a-lifelong-sports-program-at-rutland-middle-school\/#.Ys2DYi-B3T8\">Banner photo, right<\/a>, by Rachel Mark for the UVM Tarrant Institute. (CC BY SA NC 4.0)<\/li>\n<\/ul>\n\n\n\n<h2 class=\"wp-block-heading\">Supported Employment<\/h2>\n\n\n\n<h3 class=\"wp-block-heading\">WEBSITE<\/h3>\n\n\n\n<ul class=\"wp-block-list\">\n<li><a href=\"https:\/\/www.pexels.com\/photo\/man-giving-a-tour-of-a-brewery-3009799\/\">\u201cMan Giving a Tour of a Brewery\u201d<\/a>&nbsp;by ELEVATE at Pexels (CC BY 4.0)<\/li>\n\n\n\n<li><a href=\"https:\/\/www.pexels.com\/photo\/man-person-woman-coffee-6980973\/\">\u201cMan Person Woman Coffee\u201d<\/a>&nbsp;by Mikhail Nilov at Pexels (CC BY 4.0)<\/li>\n\n\n\n<li><a href=\"https:\/\/www.pexels.com\/photo\/young-girl-using-laptop-inside-a-restaurant-4058222\/\">\u201cYoung Girl Using Laptop Inside a Restaurant\u201d<\/a>&nbsp;by Cliff Booth at Pexels (CC BY 4.0)<\/li>\n<\/ul>\n\n\n\n<h2 class=\"wp-block-heading\">UVM Autism Collaborative<\/h2>\n\n\n\n<h3 class=\"wp-block-heading\">WEBSITE<\/h3>\n\n\n\n<ul class=\"wp-block-list\">\n<li><a href=\"https:\/\/www.pexels.com\/photo\/woman-having-coffee-and-using-laptop-in-bed-4050389\/\">\u201cWoman Having Coffee and Using Laptop in Bed\u201d<\/a>&nbsp;by Vlada Karpovich at Pexels (CC BY 4.0)<\/li>\n\n\n\n<li><a href=\"https:\/\/www.pexels.com\/photo\/photo-of-a-boy-listening-in-headphones-1490844\/\">\u201cPhoto of a Boy Listening in Headphones\u201d<\/a>&nbsp;by Jonas Mohamadia at Pexels&nbsp;(CC BY 4.0)<\/li>\n\n\n\n<li><a href=\"https:\/\/www.pexels.com\/photo\/black-teacher-answering-questions-of-pupil-5905923\/\">\u201cBlack teacher answering questions of pupil\u201d<\/a>&nbsp;by Katerina Holmes at Pexels&nbsp;(CC BY 4.0)<\/li>\n<\/ul>\n\n\n\n<h2 class=\"wp-block-heading\">Vermont Continence Project<\/h2>\n\n\n\n<h3 class=\"wp-block-heading\">2022-2023 EVENTS<\/h3>\n\n\n\n<ul class=\"wp-block-list\">\n<li><a href=\"https:\/\/www.pexels.com\/photo\/white-toilet-paper-roll-on-woven-basket-3958196\/\">\u201cWhite Toilet Paper Roll on Woven Basket\u201d<\/a>&nbsp;by Vlada Karpovich at Pexels (CC BY 4.0)<\/li>\n<\/ul>\n\n\n\n<h2 class=\"wp-block-heading\">VTPBIS Reports<\/h2>\n\n\n\n<h2 class=\"wp-block-heading\">2024 BEST\/VTmtss Annual Report<\/h2>\n\n\n\n<ul class=\"wp-block-list\">\n<li>Page 3: photo courtesy Gertrude Chamberlin School<\/li>\n\n\n\n<li>Page 4: photo courtesy Gertrude Chamberlin School<\/li>\n\n\n\n<li>Page 5: photo courtesy Gertrude Chamberlin School<\/li>\n\n\n\n<li>Page 9: photo courtesy Gertrude Chamberlin School<\/li>\n\n\n\n<li>Page 10: photo courtesy Cassandra Townshend<\/li>\n\n\n\n<li>Page 11: photo courtesy Gertrude Chamberlin School<\/li>\n\n\n\n<li>Page 12: top photo courtesy BEST Project; other two photos courtesy Cassandra Townshend<\/li>\n\n\n\n<li>Page 14: photo courtesy Gertrude Chamberlin School<\/li>\n\n\n\n<li>Page 17: photo courtesy Gertrude Chamberlin School<\/li>\n\n\n\n<li>Page 18: photo courtesy Cassandra Townshend<\/li>\n\n\n\n<li>Page 19: photo courtesy of the Early MTSS @ CDCI website<\/li>\n\n\n\n<li>Page 21: photo courtesy Gertrude Chamberlin School<\/li>\n\n\n\n<li>Page 22: photo courtesy Gertrude Chamberlin School<\/li>\n\n\n\n<li>Page 25: photo courtesy Cassandra Townshend<\/li>\n\n\n\n<li>Page 28: photo courtesy Gertrude Chamberlin School<\/li>\n<\/ul>\n\n\n\n<h3 class=\"wp-block-heading\">2023 VTPBIS ANNUAL REPORT<\/h3>\n\n\n\n<ul class=\"wp-block-list\">\n<li>Page 3: photo courtesy Gertrude Chamberlin School<\/li>\n\n\n\n<li>Page 4: photo courtesy Gertrude Chamberlin School<\/li>\n\n\n\n<li>Page 5: photo courtesy Guilford School<\/li>\n\n\n\n<li>Page 9: photo courtesy Charlotte Central School<\/li>\n\n\n\n<li>Page 10: photo courtesy the VTPBIS State Training Team<\/li>\n\n\n\n<li>Page 12: photo courtesy Amy Wheeler-Sutton (top right)<\/li>\n\n\n\n<li>Page 12: photo courtesy Lothrop School (middle left)<\/li>\n\n\n\n<li>Page 17: photo courtesy Amy Wheeler-Sutton<\/li>\n\n\n\n<li>Page 19: video stills courtesy Ned Castle<\/li>\n\n\n\n<li>Page 22: photo unknown<\/li>\n\n\n\n<li>Page 23: photo courtesy Swanton School<\/li>\n\n\n\n<li>Page 26: photo courtesy Gertrude Chamberlin School<\/li>\n\n\n\n<li>Page 27: photo unknown<\/li>\n\n\n\n<li>Page 30: photo courtesy Swanton School<\/li>\n<\/ul>\n\n\n\n<h3 class=\"wp-block-heading\">2022 VTPBIS ANNUAL REPORT<\/h3>\n\n\n\n<ul class=\"wp-block-list\">\n<li>Page 2: photo courtesy Amy Wheeler-Sutton<\/li>\n\n\n\n<li>Page 3: photo courtesy Swanton Elementary School<\/li>\n\n\n\n<li>Page 4: photo courtesy Gertrude Chamberlin School<\/li>\n\n\n\n<li>Page 7: photos courtesy Swanton Elementary School<\/li>\n\n\n\n<li>Page 8: photos courtesy Amy Wheeler-Sutton<\/li>\n\n\n\n<li>Page 9: photo courtesy Amy Wheeler-Sutton<\/li>\n\n\n\n<li>Page 12: photo courtesy Gertrude Chamberlin School<\/li>\n\n\n\n<li>Page 14: top photo courtesy the Project AWARE website; bottom right photo courtesy Nicole Rice<\/li>\n\n\n\n<li>Page 15: photo courtesy the RISE-VT website<\/li>\n\n\n\n<li>Page 16: photo courtesy Rutland Northeast Supervisory Union<\/li>\n\n\n\n<li>Pages 18-19: photos courtesy Benson Village School, Pam Arel<\/li>\n\n\n\n<li>Page 23: photo courtesy Gertrude Chamberlin School<\/li>\n<\/ul>\n\n\n\n<h3 class=\"wp-block-heading\">2022 VTPBIS SPRING QUARTERLY REPORT<\/h3>\n\n\n\n<ul class=\"wp-block-list\">\n<li>Front cover: photo courtesy JFK.<\/li>\n\n\n\n<li>Page 2: photo courtesy JFK.<\/li>\n\n\n\n<li>Page 3: photo by Tim Sanimore, CSD. Used with permission.<\/li>\n\n\n\n<li>Page 3: Daffodil by Aenne Brielmann, from the Noun Project.<\/li>\n\n\n\n<li>Page 3: Post-It by LUFTI GANI AL from the Noun Project.<\/li>\n\n\n\n<li>Page 5: photo courtesy Gertrude Chamberlin School, South Burlington VT.<\/li>\n\n\n\n<li>Page 5:&nbsp;Post-It by LUFTI GANI AL from the Noun Project.<\/li>\n\n\n\n<li>Page 6: photo courtesy JFK.<\/li>\n\n\n\n<li>Page 6: Children by Kevin from the Noun Project.<\/li>\n\n\n\n<li>Page 6: School by David Khai from the Noun Project.<\/li>\n\n\n\n<li>Page 7: teaching by Hoeda from the Noun Project.<\/li>\n\n\n\n<li>Page 8: photo courtesy JFK.<\/li>\n\n\n\n<li>Page 9: photo courtesy Jericho Elementary School, Jericho VT, and Aimee Randall.<\/li>\n\n\n\n<li>Page 10: Coach courtesy Craig Keunig from the Noun Project.<\/li>\n\n\n\n<li>Page 12: Remember by Julynn B from the Noun Project.<\/li>\n\n\n\n<li>Page 13: Remember by Julynn B from the Noun Project.<\/li>\n\n\n\n<li>Page 15: photo courtesy Gertrude Chamberlin School<\/li>\n\n\n\n<li>Page 17: photo courtesy Gertrude Chamberlin School<\/li>\n\n\n\n<li>Page 18: photo courtesy Guilford Central School, Guildford VT.<\/li>\n\n\n\n<li>Page 18: Daffodil by Aenne Brielmann, from the Noun Project.<\/li>\n<\/ul>\n\n\n\n<h3 class=\"wp-block-heading\">2022 VTPBIS WINTER QUARTERLY REPORT<\/h3>\n\n\n\n<ul class=\"wp-block-list\">\n<li>Front cover: photo courtesy Gertrude Chamberlin School, South Burlington VT<\/li>\n\n\n\n<li>Pages 2, 5, 16, 19: photos courtesy Gertrude Chamberlin School<\/li>\n\n\n\n<li>Page 3: top photo courtesy Gertrude Chamberlin School; Sherry Schoenberg photo courtesy Sherry Schoenberg, Cassandra Townshend photo courtesy UVM College of Education and Social Services (CESS); Amy Wheeler-Sutton photo courtesy Amy Wheeler-Sutton.<\/li>\n\n\n\n<li>Page 3: &nbsp;<a href=\"https:\/\/thenounproject.com\/icon\/post-it-4276499\/\">Post-It by LUFTI GANI AL from the Noun Project<\/a>.<\/li>\n\n\n\n<li>Page 5: &nbsp;<a href=\"https:\/\/thenounproject.com\/icon\/post-it-4276499\/\">Post-It by LUFTI GANI AL from the Noun Project<\/a>.<\/li>\n\n\n\n<li>Page 6: Screen captures courtesy WCAX Channel 3 News.<\/li>\n\n\n\n<li>Page 6:&nbsp;<a href=\"https:\/\/thenounproject.com\/icon\/vermont-558438\/\">Vermont by P Thanga Vignesh from the Noun Project.<\/a><\/li>\n\n\n\n<li>Page 6:&nbsp;<a href=\"https:\/\/thenounproject.com\/icon\/children-3890909\/\">Children by Kevin from the Noun Project.<\/a><\/li>\n\n\n\n<li>Page 6:&nbsp;<a href=\"https:\/\/thenounproject.com\/icon\/school-1204840\/\">School by David Khai from the Noun Project.<\/a><\/li>\n\n\n\n<li>Page 6:&nbsp;<a href=\"http:\/\/thenounproject.com\/search\/?q=arrow&amp;i=700190\">Arrow by Danil Polshin from the Noun Project.<\/a><\/li>\n\n\n\n<li>Page 7:&nbsp;<a href=\"https:\/\/thenounproject.com\/icon\/teaching-1978181\/\">teaching by Hoeda from the Noun Project.<\/a><\/li>\n\n\n\n<li>Page 8: Screencap courtesy Amy Wheeler-Sutton.<\/li>\n\n\n\n<li>Page 8:&nbsp;<a href=\"https:\/\/thenounproject.com\/icon\/teaching-1978181\/\">teaching by Hoeda from the Noun Project.<\/a><\/li>\n\n\n\n<li>Page 9: Photo courtesy Chris Dodge.<\/li>\n\n\n\n<li>Page 10: Screencap courtesy Amy Wheeler-Sutton.<\/li>\n\n\n\n<li>Page 11: Photos courtesy the respective persons depicted.<\/li>\n\n\n\n<li>Page 11:&nbsp;<a href=\"https:\/\/thenounproject.com\/icon\/coach-178475\/\">Coach courtesy Craig Keunig from the Noun Project.<\/a><\/li>\n\n\n\n<li>Page 12: Calendar by David Khai from the Noun Project.<\/li>\n\n\n\n<li>Page 13:&nbsp;<a href=\"https:\/\/thenounproject.com\/icon\/remember-91423\/\">Remember by Julynn B from the Noun Project.<\/a><\/li>\n\n\n\n<li>Page 13:&nbsp;<a href=\"https:\/\/thenounproject.com\/icon\/footprints-1076348\/\">Footprint by Ali Koshkun from the Noun Project.<\/a><\/li>\n\n\n\n<li>Page 14:&nbsp;<a href=\"http:\/\/thenounproject.com\/icon\/remember-91423\/\">Remember by Julynn B from the Noun Project.<\/a><\/li>\n\n\n\n<li>Page 14:&nbsp;<a href=\"https:\/\/thenounproject.com\/icon\/graph-4545500\/\">Graph by Cahya Kurniawan from the Noun Project.<\/a><\/li>\n\n\n\n<li>Page 15:&nbsp;<a href=\"http:\/\/thenounproject.com\/icon\/remember-91423\/\">Remember by Julynn B from the Noun Project.<\/a><\/li>\n\n\n\n<li>Page 15:&nbsp;<a href=\"https:\/\/thenounproject.com\/icon\/success-2909316\/\">Success by Iconathon from the Noun Project.<\/a><\/li>\n\n\n\n<li>Page 16: Screencapture courtesy Amy Wheeler-Sutton.<\/li>\n\n\n\n<li>Page 18: Photo courtesy Amy Wheeler-Sutton.<\/li>\n\n\n\n<li>Back cover: Photo courtesy JFK.<\/li>\n<\/ul>\n\n\n\n<h3 class=\"wp-block-heading\">2021 VTPBIS ANNUAL REPORT<\/h3>\n\n\n\n<ul class=\"wp-block-list\">\n<li>Page 7:&nbsp;<a href=\"https:\/\/thenounproject.com\/search\/?q=arrow&amp;i=700190\">Arrow by Danil Polshin from the Noun Project<\/a><\/li>\n\n\n\n<li>Page 7:&nbsp;<a href=\"https:\/\/thenounproject.com\/search\/?q=vermont&amp;i=468279\">Vermont by Ted Grajeda from the Noun Project<\/a><\/li>\n\n\n\n<li>Page 8:&nbsp;<a href=\"https:\/\/thenounproject.com\/search\/?q=arrow&amp;i=700190\">Arrow by Danil Polshin from the Noun Project<\/a><\/li>\n\n\n\n<li>Page 8:&nbsp;<a href=\"https:\/\/thenounproject.com\/search\/?q=envelope&amp;i=322211\">envelope by tracy tam from the Noun Project<\/a><\/li>\n\n\n\n<li>Page 8:&nbsp;<a href=\"https:\/\/thenounproject.com\/search\/?q=newspaper&amp;i=2916395\">Newspaper by Sufirraijal from the Noun Project<\/a><\/li>\n\n\n\n<li>Page 8:&nbsp;<a href=\"https:\/\/thenounproject.com\/search\/?q=tourist&amp;i=2111594\">Tourist by ProSymbols from the Noun Project<\/a><\/li>\n\n\n\n<li>Page 10:&nbsp;<a href=\"https:\/\/thenounproject.com\/search\/?q=teaching&amp;i=1978181\">teaching by Hoeda from the Noun Project<\/a><\/li>\n\n\n\n<li>Page 11:&nbsp;<a href=\"https:\/\/thenounproject.com\/search\/?q=group&amp;i=699189\">group by Eiliricon from the Noun Project<\/a><\/li>\n\n\n\n<li>Page 11:&nbsp;<a href=\"https:\/\/thenounproject.com\/search\/?q=team&amp;i=2922008\">team by Alice Design from the Noun Project<\/a><\/li>\n\n\n\n<li>Page 11:&nbsp;<a href=\"https:\/\/thenounproject.com\/search\/?q=applause&amp;i=2826015\">Applause by Alan Davis from the Noun Project<\/a><\/li>\n\n\n\n<li>Page 13:&nbsp;<a href=\"http:\/\/thenounproject.com\/search\/?q=arrow&amp;i=700190\">Arrow by Danil Polshin from the Noun Project<\/a><\/li>\n\n\n\n<li>Page 13: Zoom screenshot by the VTPBIS State Team.<\/li>\n\n\n\n<li>Page 14:&nbsp;<a href=\"https:\/\/thenounproject.com\/search\/?q=fence&amp;i=305635\">Fence by Prasad from the Noun Project<\/a>. Composite image based off&nbsp;<a href=\"https:\/\/medium.com\/@CRA1G\/the-evolution-of-an-accidental-meme-ddc4e139e0e4#.tm1cbg2vn\">an original image<\/a>&nbsp;by Craig Froehle.<\/li>\n\n\n\n<li>Page 14:&nbsp;<a href=\"https:\/\/interactioninstitute.org\/illustrating-equality-vs-equity\/\">Interaction Institute for Social Change | Artist: Angus Maguire.<\/a><\/li>\n\n\n\n<li>Page 18:&nbsp;<a href=\"http:\/\/thenounproject.com\/search\/?q=arrow&amp;i=700190\">Arrow by Danil Polshin from the Noun Project<\/a><\/li>\n\n\n\n<li>Page 19:&nbsp;<a href=\"http:\/\/thenounproject.com\/search\/?q=applause&amp;i=2826015\">Applause by Alan Davis from the Noun Project<\/a><\/li>\n\n\n\n<li>Page 24: Zoom screenshot by VTPBIS State Team<\/li>\n<\/ul>\n\n\n\n<p>All other images in the report remain the property of their respective copyright holders, and are included in the report under the fair-use doctrine as interpreted by the VTPBIS State Team.<\/p>\n\n\n\n<p>If you have a question about any of these images, or any of the other images used in this report, please contact&nbsp;<a href=\"mailto:sherry.schoenberg@uvm.edu?subject=Image%20question\">the BEST team at CDCI.<\/a><\/p>\n","protected":false},"excerpt":{"rendered":"<p>All images appearing on the CDCI website do so with the express permission of their owners via Creative Commons licensing, or they exist in the public domain. If you believe &hellip;<\/p>\n","protected":false},"author":1,"featured_media":0,"parent":16,"menu_order":21,"comment_status":"closed","ping_status":"closed","template":"","meta":{"_acf_changed":false,"_monsterinsights_skip_tracking":false,"_monsterinsights_sitenote_active":false,"_monsterinsights_sitenote_note":"","_monsterinsights_sitenote_category":0,"footnotes":""},"class_list":["post-252","page","type-page","status-publish","hentry"],"acf":[],"yoast_head":"<!-- This site is optimized with the Yoast SEO plugin v27.3 - https:\/\/yoast.com\/product\/yoast-seo-wordpress\/ -->\n<title>Image Credits - UVM Center on Disability &amp; Community Inclusion (CDCI)<\/title>\n<meta name=\"robots\" content=\"index, follow, max-snippet:-1, max-image-preview:large, max-video-preview:-1\" \/>\n<link rel=\"canonical\" href=\"https:\/\/cdci.w3.uvm.edu\/blog\/about\/image-credits\/\" \/>\n<meta property=\"og:locale\" content=\"en_US\" \/>\n<meta property=\"og:type\" content=\"article\" \/>\n<meta property=\"og:title\" content=\"Image Credits - UVM Center on Disability &amp; Community Inclusion (CDCI)\" \/>\n<meta property=\"og:description\" content=\"All images appearing on the CDCI website do so with the express permission of their owners via Creative Commons licensing, or they exist in the public domain. If you believe &hellip;\" \/>\n<meta property=\"og:url\" content=\"https:\/\/cdci.w3.uvm.edu\/blog\/about\/image-credits\/\" \/>\n<meta property=\"og:site_name\" content=\"UVM Center on Disability &amp; Community Inclusion (CDCI)\" \/>\n<meta property=\"article:modified_time\" content=\"2025-04-17T17:43:23+00:00\" \/>\n<meta name=\"twitter:card\" content=\"summary_large_image\" \/>\n<meta name=\"twitter:label1\" content=\"Est. reading time\" \/>\n\t<meta name=\"twitter:data1\" content=\"8 minutes\" \/>\n<script type=\"application\/ld+json\" class=\"yoast-schema-graph\">{\"@context\":\"https:\\\/\\\/schema.org\",\"@graph\":[{\"@type\":\"WebPage\",\"@id\":\"https:\\\/\\\/cdci.w3.uvm.edu\\\/blog\\\/about\\\/image-credits\\\/\",\"url\":\"https:\\\/\\\/cdci.w3.uvm.edu\\\/blog\\\/about\\\/image-credits\\\/\",\"name\":\"Image Credits - UVM Center on Disability &amp; Community Inclusion (CDCI)\",\"isPartOf\":{\"@id\":\"https:\\\/\\\/cdci.w3.uvm.edu\\\/blog\\\/#website\"},\"datePublished\":\"2024-08-06T16:10:17+00:00\",\"dateModified\":\"2025-04-17T17:43:23+00:00\",\"breadcrumb\":{\"@id\":\"https:\\\/\\\/cdci.w3.uvm.edu\\\/blog\\\/about\\\/image-credits\\\/#breadcrumb\"},\"inLanguage\":\"en-US\",\"potentialAction\":[{\"@type\":\"ReadAction\",\"target\":[\"https:\\\/\\\/cdci.w3.uvm.edu\\\/blog\\\/about\\\/image-credits\\\/\"]}]},{\"@type\":\"BreadcrumbList\",\"@id\":\"https:\\\/\\\/cdci.w3.uvm.edu\\\/blog\\\/about\\\/image-credits\\\/#breadcrumb\",\"itemListElement\":[{\"@type\":\"ListItem\",\"position\":1,\"name\":\"Home\",\"item\":\"https:\\\/\\\/cdci.w3.uvm.edu\\\/blog\\\/\"},{\"@type\":\"ListItem\",\"position\":2,\"name\":\"About CDCI\",\"item\":\"https:\\\/\\\/cdci.w3.uvm.edu\\\/blog\\\/about\\\/\"},{\"@type\":\"ListItem\",\"position\":3,\"name\":\"Image Credits\"}]},{\"@type\":\"WebSite\",\"@id\":\"https:\\\/\\\/cdci.w3.uvm.edu\\\/blog\\\/#website\",\"url\":\"https:\\\/\\\/cdci.w3.uvm.edu\\\/blog\\\/\",\"name\":\"UVM Center on Disability &amp; Community Inclusion (CDCI)\",\"description\":\"Supporting Vermonters with disabilities in the communities of their choosing since 1975.\",\"potentialAction\":[{\"@type\":\"SearchAction\",\"target\":{\"@type\":\"EntryPoint\",\"urlTemplate\":\"https:\\\/\\\/cdci.w3.uvm.edu\\\/blog\\\/?s={search_term_string}\"},\"query-input\":{\"@type\":\"PropertyValueSpecification\",\"valueRequired\":true,\"valueName\":\"search_term_string\"}}],\"inLanguage\":\"en-US\"}]}<\/script>\n<!-- \/ Yoast SEO plugin. -->","yoast_head_json":{"title":"Image Credits - UVM Center on Disability &amp; Community Inclusion (CDCI)","robots":{"index":"index","follow":"follow","max-snippet":"max-snippet:-1","max-image-preview":"max-image-preview:large","max-video-preview":"max-video-preview:-1"},"canonical":"https:\/\/cdci.w3.uvm.edu\/blog\/about\/image-credits\/","og_locale":"en_US","og_type":"article","og_title":"Image Credits - UVM Center on Disability &amp; Community Inclusion (CDCI)","og_description":"All images appearing on the CDCI website do so with the express permission of their owners via Creative Commons licensing, or they exist in the public domain. If you believe &hellip;","og_url":"https:\/\/cdci.w3.uvm.edu\/blog\/about\/image-credits\/","og_site_name":"UVM Center on Disability &amp; Community Inclusion (CDCI)","article_modified_time":"2025-04-17T17:43:23+00:00","twitter_card":"summary_large_image","twitter_misc":{"Est. reading time":"8 minutes"},"schema":{"@context":"https:\/\/schema.org","@graph":[{"@type":"WebPage","@id":"https:\/\/cdci.w3.uvm.edu\/blog\/about\/image-credits\/","url":"https:\/\/cdci.w3.uvm.edu\/blog\/about\/image-credits\/","name":"Image Credits - UVM Center on Disability &amp; Community Inclusion (CDCI)","isPartOf":{"@id":"https:\/\/cdci.w3.uvm.edu\/blog\/#website"},"datePublished":"2024-08-06T16:10:17+00:00","dateModified":"2025-04-17T17:43:23+00:00","breadcrumb":{"@id":"https:\/\/cdci.w3.uvm.edu\/blog\/about\/image-credits\/#breadcrumb"},"inLanguage":"en-US","potentialAction":[{"@type":"ReadAction","target":["https:\/\/cdci.w3.uvm.edu\/blog\/about\/image-credits\/"]}]},{"@type":"BreadcrumbList","@id":"https:\/\/cdci.w3.uvm.edu\/blog\/about\/image-credits\/#breadcrumb","itemListElement":[{"@type":"ListItem","position":1,"name":"Home","item":"https:\/\/cdci.w3.uvm.edu\/blog\/"},{"@type":"ListItem","position":2,"name":"About CDCI","item":"https:\/\/cdci.w3.uvm.edu\/blog\/about\/"},{"@type":"ListItem","position":3,"name":"Image Credits"}]},{"@type":"WebSite","@id":"https:\/\/cdci.w3.uvm.edu\/blog\/#website","url":"https:\/\/cdci.w3.uvm.edu\/blog\/","name":"UVM Center on Disability &amp; Community Inclusion (CDCI)","description":"Supporting Vermonters with disabilities in the communities of their choosing since 1975.","potentialAction":[{"@type":"SearchAction","target":{"@type":"EntryPoint","urlTemplate":"https:\/\/cdci.w3.uvm.edu\/blog\/?s={search_term_string}"},"query-input":{"@type":"PropertyValueSpecification","valueRequired":true,"valueName":"search_term_string"}}],"inLanguage":"en-US"}]}},"_links":{"self":[{"href":"https:\/\/cdci.w3.uvm.edu\/blog\/wp-json\/wp\/v2\/pages\/252","targetHints":{"allow":["GET"]}}],"collection":[{"href":"https:\/\/cdci.w3.uvm.edu\/blog\/wp-json\/wp\/v2\/pages"}],"about":[{"href":"https:\/\/cdci.w3.uvm.edu\/blog\/wp-json\/wp\/v2\/types\/page"}],"author":[{"embeddable":true,"href":"https:\/\/cdci.w3.uvm.edu\/blog\/wp-json\/wp\/v2\/users\/1"}],"replies":[{"embeddable":true,"href":"https:\/\/cdci.w3.uvm.edu\/blog\/wp-json\/wp\/v2\/comments?post=252"}],"version-history":[{"count":8,"href":"https:\/\/cdci.w3.uvm.edu\/blog\/wp-json\/wp\/v2\/pages\/252\/revisions"}],"predecessor-version":[{"id":2915,"href":"https:\/\/cdci.w3.uvm.edu\/blog\/wp-json\/wp\/v2\/pages\/252\/revisions\/2915"}],"up":[{"embeddable":true,"href":"https:\/\/cdci.w3.uvm.edu\/blog\/wp-json\/wp\/v2\/pages\/16"}],"wp:attachment":[{"href":"https:\/\/cdci.w3.uvm.edu\/blog\/wp-json\/wp\/v2\/media?parent=252"}],"curies":[{"name":"wp","href":"https:\/\/api.w.org\/{rel}","templated":true}]}}